{"id":343,"date":"2025-01-03T15:26:27","date_gmt":"2025-01-03T14:26:27","guid":{"rendered":"http:\/\/psychologue-delhaye.be\/?page_id=343"},"modified":"2025-01-03T18:04:26","modified_gmt":"2025-01-03T17:04:26","slug":"formation-prendre-soin-de-soi","status":"publish","type":"page","link":"http:\/\/psychologue-delhaye.be\/index.php\/formation-prendre-soin-de-soi\/","title":{"rendered":"Formation &#8211; Prendre soin de soi"},"content":{"rendered":"<p>[et_pb_section fb_built=\u00a0\u00bb1&Prime; _builder_version=\u00a0\u00bb4.24.0&Prime; _module_preset=\u00a0\u00bbdefault\u00a0\u00bb custom_margin_phone=\u00a0\u00bb|||0px|false|false\u00a0\u00bb global_colors_info=\u00a0\u00bb{}\u00a0\u00bb][et_pb_row _builder_version=\u00a0\u00bb4.24.0&Prime; _module_preset=\u00a0\u00bbdefault\u00a0\u00bb background_color=\u00a0\u00bb#f4f4f4&Prime; width=\u00a0\u00bb100%\u00a0\u00bb max_width=\u00a0\u00bb2560px\u00a0\u00bb custom_padding=\u00a0\u00bb|||19px||\u00a0\u00bb global_colors_info=\u00a0\u00bb{}\u00a0\u00bb][et_pb_column type=\u00a0\u00bb4_4&Prime; _builder_version=\u00a0\u00bb4.24.0&Prime; _module_preset=\u00a0\u00bbdefault\u00a0\u00bb global_colors_info=\u00a0\u00bb{}\u00a0\u00bb][et_pb_text _builder_version=\u00a0\u00bb4.24.0&Prime; _module_preset=\u00a0\u00bbdefault\u00a0\u00bb text_font=\u00a0\u00bbHandlee||||||||\u00a0\u00bb text_text_color=\u00a0\u00bb#000000&Prime; text_font_size=\u00a0\u00bb28px\u00a0\u00bb global_colors_info=\u00a0\u00bb{}\u00a0\u00bb]<\/p>\n<h1 style=\"text-align: center;\"><span style=\"color: #000000;\"><strong><span data-contrast=\"auto\" xml:lang=\"FR-BE\" lang=\"FR-BE\" class=\"TextRun Underlined SCXW66528701 BCX0\"><span class=\"NormalTextRun SCXW66528701 BCX0\">Prendre soin de soi en tant que professionnels de la sant\u00e9 confront\u00e9s aux victimes de violences sexuelles<\/span><\/span><span data-contrast=\"auto\" xml:lang=\"FR-BE\" lang=\"FR-BE\" class=\"TextRun SCXW66528701 BCX0\"><span class=\"NormalTextRun SCXW66528701 BCX0\">.<\/span><\/span><span class=\"EOP SCXW66528701 BCX0\" data-ccp-props=\"{&quot;335551550&quot;:6,&quot;335551620&quot;:6,&quot;335559685&quot;:720,&quot;335559991&quot;:360,&quot;469777462&quot;:[720],&quot;469777927&quot;:[0],&quot;469777928&quot;:[8]}\">\u00a0<\/span><\/strong><\/span><\/h1>\n<p>[\/et_pb_text][\/et_pb_column][\/et_pb_row][et_pb_row column_structure=\u00a0\u00bb1_2,1_2&Prime; _builder_version=\u00a0\u00bb4.24.0&Prime; _module_preset=\u00a0\u00bbdefault\u00a0\u00bb width=\u00a0\u00bb72%\u00a0\u00bb module_alignment=\u00a0\u00bbcenter\u00a0\u00bb custom_margin=\u00a0\u00bb|411px|-72px|auto||\u00a0\u00bb global_colors_info=\u00a0\u00bb{}\u00a0\u00bb][et_pb_column type=\u00a0\u00bb1_2&Prime; _builder_version=\u00a0\u00bb4.24.0&Prime; _module_preset=\u00a0\u00bbdefault\u00a0\u00bb transform_scale=\u00a0\u00bb92%|92%\u00a0\u00bb global_colors_info=\u00a0\u00bb{}\u00a0\u00bb][et_pb_image src=\u00a0\u00bbhttp:\/\/psychologue-delhaye.be\/wp-content\/uploads\/2025\/01\/intro-formation.png\u00a0\u00bb title_text=\u00a0\u00bbintro formation\u00a0\u00bb _builder_version=\u00a0\u00bb4.24.0&Prime; _module_preset=\u00a0\u00bbdefault\u00a0\u00bb width=\u00a0\u00bb73%\u00a0\u00bb global_colors_info=\u00a0\u00bb{}\u00a0\u00bb][\/et_pb_image][\/et_pb_column][et_pb_column type=\u00a0\u00bb1_2&Prime; _builder_version=\u00a0\u00bb4.24.0&Prime; _module_preset=\u00a0\u00bbdefault\u00a0\u00bb global_colors_info=\u00a0\u00bb{}\u00a0\u00bb][et_pb_text _builder_version=\u00a0\u00bb4.24.0&Prime; _module_preset=\u00a0\u00bbdefault\u00a0\u00bb custom_margin=\u00a0\u00bb3px||||false|false\u00a0\u00bb custom_margin_tablet=\u00a0\u00bb3px||||false|false\u00a0\u00bb custom_margin_phone=\u00a0\u00bb0px||||false|false\u00a0\u00bb custom_margin_last_edited=\u00a0\u00bbon|phone\u00a0\u00bb custom_padding=\u00a0\u00bb40px||||false|false\u00a0\u00bb global_colors_info=\u00a0\u00bb{}\u00a0\u00bb]<\/p>\n<h1>Introduction<\/h1>\n<p><span data-contrast=\"auto\">Prendre conscience de <strong>l\u2019impact de notre m\u00e9tier sur nos vies<\/strong> et en <strong>d\u00e9tecter les signaux<\/strong> est une premi\u00e8re \u00e9tape pour prendre soin de soi en tant que professionnels.<\/span><span data-ccp-props=\"{}\">\u00a0<\/span><\/p>\n<p><span data-contrast=\"auto\"><\/span><\/p>\n<p><span data-contrast=\"auto\">Cette facult\u00e9 permet de mieux vous conna\u00eetre, de mieux s\u2019interroger sur vos besoins et de mieux mesurer vos limites.<\/span><span data-ccp-props=\"{}\">\u00a0<\/span><\/p>\n<p><span data-contrast=\"auto\"><\/span><\/p>\n<p><strong>Alors vous \u00eates-vous d\u00e9j\u00e0 pos\u00e9s ces questions\u202f?\u00a0<\/strong><\/p>\n<ul><\/ul>\n<p>[\/et_pb_text][\/et_pb_column][\/et_pb_row][\/et_pb_section][et_pb_section fb_built=\u00a0\u00bb1&Prime; admin_label=\u00a0\u00bbDoctors\u00a0\u00bb _builder_version=\u00a0\u00bb4.24.0&Prime; background_color=\u00a0\u00bb#f1f5f7&Prime; custom_margin_phone=\u00a0\u00bb|||0px|false|false\u00a0\u00bb custom_padding=\u00a0\u00bb10px|0px|10px|0px|true|false\u00a0\u00bb global_colors_info=\u00a0\u00bb{}\u00a0\u00bb][et_pb_row column_structure=\u00a0\u00bb1_2,1_2&Prime; custom_padding_last_edited=\u00a0\u00bbon|tablet\u00a0\u00bb _builder_version=\u00a0\u00bb4.24.0&Prime; custom_padding=\u00a0\u00bb|||\u00a0\u00bb custom_padding_tablet=\u00a0\u00bb100px||50px|\u00a0\u00bb custom_padding_phone=\u00a0\u00bb0px||0px||false|false\u00a0\u00bb global_colors_info=\u00a0\u00bb{}\u00a0\u00bb][et_pb_column type=\u00a0\u00bb1_2&Prime; _builder_version=\u00a0\u00bb4.16&Prime; custom_padding=\u00a0\u00bb|||\u00a0\u00bb global_colors_info=\u00a0\u00bb{}\u00a0\u00bb custom_padding__hover=\u00a0\u00bb|||\u00a0\u00bb][et_pb_text _builder_version=\u00a0\u00bb4.24.0&Prime; _module_preset=\u00a0\u00bbdefault\u00a0\u00bb animation_style=\u00a0\u00bbfade\u00a0\u00bb animation_duration=\u00a0\u00bb1150ms\u00a0\u00bb global_colors_info=\u00a0\u00bb{}\u00a0\u00bb]<\/p>\n<h1>Objectifs<\/h1>\n<p>&nbsp;<\/p>\n<ul>\n<li>\n<p><span data-contrast=\"auto\">Percevoir le fa\u00e7on dont notre vie professionnelle affecte notre sph\u00e8re priv\u00e9e et int\u00e9rieure.<\/span><span data-ccp-props=\"{}\">\u00a0<\/span><\/p>\n<\/li>\n<li>\n<p><span data-ccp-props=\"{}\"><\/span><span data-contrast=\"auto\">Mieux \u00e9valuer ce qui nous touche \u00e9motionnellement et physiquement en identifiant certaines manifestations.<\/span><span data-ccp-props=\"{}\">\u00a0<\/span><\/p>\n<\/li>\n<li>\n<p><span data-ccp-props=\"{}\"><\/span><span data-contrast=\"auto\">Examiner si nous satisfaisons les 4 types d\u2019auto soins et si nous d\u00e9veloppons les ressources n\u00e9cessaires.<\/span><span data-ccp-props=\"{}\">\u00a0<\/span><\/p>\n<\/li>\n<li>\n<p><span data-ccp-props=\"{}\"><\/span><span data-contrast=\"auto\">Estimer aussi si nous nous prot\u00e9geons bien.<\/span><span data-ccp-props=\"{}\">\u00a0<br \/><\/span><span data-contrast=\"auto\">Si ce n\u2019est pas le cas, nous apprendrons \u00e0 faire le point sur notre niveau de stress post traumatique, notre fatigue de compassion ou notre \u00e9puisement \u00e9motionnel.<\/span><span data-ccp-props=\"{}\">\u00a0<br \/><\/span><span data-contrast=\"auto\">D\u00e8s lors, nous apprendrons \u00e0 acqu\u00e9rir des outils pour mieux prendre soin de nous au travail.<\/span><span data-ccp-props=\"{}\">\u00a0<\/span><\/p>\n<\/li>\n<\/ul>\n<p>[\/et_pb_text][\/et_pb_column][et_pb_column type=\u00a0\u00bb1_2&Prime; _builder_version=\u00a0\u00bb4.16&Prime; custom_padding=\u00a0\u00bb|||\u00a0\u00bb global_colors_info=\u00a0\u00bb{}\u00a0\u00bb custom_padding__hover=\u00a0\u00bb|||\u00a0\u00bb][et_pb_image src=\u00a0\u00bbhttp:\/\/psychologue-delhaye.be\/wp-content\/uploads\/2025\/01\/objectif.png\u00a0\u00bb title_text=\u00a0\u00bbobjectif\u00a0\u00bb _builder_version=\u00a0\u00bb4.24.0&Prime; _module_preset=\u00a0\u00bbdefault\u00a0\u00bb width=\u00a0\u00bb74%\u00a0\u00bb module_alignment=\u00a0\u00bbright\u00a0\u00bb custom_margin=\u00a0\u00bb||-16px|||\u00a0\u00bb global_colors_info=\u00a0\u00bb{}\u00a0\u00bb][\/et_pb_image][\/et_pb_column][\/et_pb_row][\/et_pb_section][et_pb_section fb_built=\u00a0\u00bb1&Prime; _builder_version=\u00a0\u00bb4.24.0&Prime; _module_preset=\u00a0\u00bbdefault\u00a0\u00bb custom_padding=\u00a0\u00bb11px||4px||false|false\u00a0\u00bb global_colors_info=\u00a0\u00bb{}\u00a0\u00bb][et_pb_row column_structure=\u00a0\u00bb1_2,1_2&Prime; _builder_version=\u00a0\u00bb4.24.0&Prime; _module_preset=\u00a0\u00bbdefault\u00a0\u00bb global_colors_info=\u00a0\u00bb{}\u00a0\u00bb][et_pb_column type=\u00a0\u00bb1_2&Prime; _builder_version=\u00a0\u00bb4.24.0&Prime; _module_preset=\u00a0\u00bbdefault\u00a0\u00bb global_colors_info=\u00a0\u00bb{}\u00a0\u00bb][et_pb_image src=\u00a0\u00bbhttp:\/\/psychologue-delhaye.be\/wp-content\/uploads\/2025\/01\/formationadistance.jpg\u00a0\u00bb title_text=\u00a0\u00bbformationadistance\u00a0\u00bb _builder_version=\u00a0\u00bb4.24.0&Prime; _module_preset=\u00a0\u00bbdefault\u00a0\u00bb max_width=\u00a0\u00bb68%\u00a0\u00bb module_alignment=\u00a0\u00bbcenter\u00a0\u00bb max_height=\u00a0\u00bb1000px\u00a0\u00bb global_colors_info=\u00a0\u00bb{}\u00a0\u00bb][\/et_pb_image][\/et_pb_column][et_pb_column type=\u00a0\u00bb1_2&Prime; _builder_version=\u00a0\u00bb4.24.0&Prime; _module_preset=\u00a0\u00bbdefault\u00a0\u00bb global_colors_info=\u00a0\u00bb{}\u00a0\u00bb][et_pb_text _builder_version=\u00a0\u00bb4.24.0&Prime; _module_preset=\u00a0\u00bbdefault\u00a0\u00bb global_colors_info=\u00a0\u00bb{}\u00a0\u00bb]<\/p>\n<h1 style=\"text-align: center;\">Participants<\/h1>\n<p>&nbsp;<\/p>\n<p>Cette formation s&rsquo;adresse principalement :<\/p>\n<ul>\n<li style=\"list-style-type: none;\">\n<ul>\n<li>Aux intervenants psycho-m\u00e9dico-sociaux.<\/li>\n<li>Aux professionnels de premi\u00e8re ligne tels que les accueillants, secr\u00e9taires, cuisiniers, personnels d\u2019entretien, aides familiales, enseignants, etc.<\/li>\n<\/ul>\n<\/li>\n<\/ul>\n<p>Le nombre de participants est limit\u00e9 \u00e0 15.<\/p>\n<p>[\/et_pb_text][\/et_pb_column][\/et_pb_row][et_pb_row column_structure=\u00a0\u00bb1_2,1_2&Prime; _builder_version=\u00a0\u00bb4.24.0&Prime; _module_preset=\u00a0\u00bbdefault\u00a0\u00bb global_colors_info=\u00a0\u00bb{}\u00a0\u00bb][et_pb_column type=\u00a0\u00bb1_2&Prime; _builder_version=\u00a0\u00bb4.24.0&Prime; _module_preset=\u00a0\u00bbdefault\u00a0\u00bb global_colors_info=\u00a0\u00bb{}\u00a0\u00bb][et_pb_text _builder_version=\u00a0\u00bb4.24.0&Prime; _module_preset=\u00a0\u00bbdefault\u00a0\u00bb text_line_height=\u00a0\u00bb1.6em\u00a0\u00bb global_colors_info=\u00a0\u00bb{}\u00a0\u00bb]<\/p>\n<h1 style=\"text-align: center;\">Support<\/h1>\n<p>\u00a0La\u00a0formation inclura les supports suivants :<\/p>\n<ul>\n<li style=\"list-style-type: none;\">\n<ul>\n<li>Une copie des pr\u00e9sentations PowerPoint.<\/li>\n<li>Des questionnaires d\u2019auto-\u00e9valuation pour vous situer et progresser.<\/li>\n<li>Divers outils pratiques pour apprendre \u00e0 mieux prendre soin de vous.<\/li>\n<\/ul>\n<\/li>\n<\/ul>\n<p>[\/et_pb_text][\/et_pb_column][et_pb_column type=\u00a0\u00bb1_2&Prime; _builder_version=\u00a0\u00bb4.24.0&Prime; _module_preset=\u00a0\u00bbdefault\u00a0\u00bb global_colors_info=\u00a0\u00bb{}\u00a0\u00bb][et_pb_image src=\u00a0\u00bbhttp:\/\/psychologue-delhaye.be\/wp-content\/uploads\/2025\/01\/formation-v.jpg\u00a0\u00bb title_text=\u00a0\u00bbformation-v\u00a0\u00bb _builder_version=\u00a0\u00bb4.24.0&Prime; _module_preset=\u00a0\u00bbdefault\u00a0\u00bb width=\u00a0\u00bb65%\u00a0\u00bb module_alignment=\u00a0\u00bbcenter\u00a0\u00bb global_colors_info=\u00a0\u00bb{}\u00a0\u00bb][\/et_pb_image][\/et_pb_column][\/et_pb_row][\/et_pb_section][et_pb_section fb_built=\u00a0\u00bb1&Prime; admin_label=\u00a0\u00bbFooter\u00a0\u00bb _builder_version=\u00a0\u00bb4.24.0&Prime; background_color=\u00a0\u00bb#2f8cff\u00a0\u00bb min_height=\u00a0\u00bb198px\u00a0\u00bb custom_margin_phone=\u00a0\u00bb|||0px|false|false\u00a0\u00bb custom_padding=\u00a0\u00bb33px||0px||false|false\u00a0\u00bb top_divider_style=\u00a0\u00bbramp2&Prime; top_divider_color=\u00a0\u00bb#FFFFFF\u00a0\u00bb top_divider_height=\u00a0\u00bb75px\u00a0\u00bb top_divider_repeat=\u00a0\u00bb1x\u00a0\u00bb top_divider_flip=\u00a0\u00bbhorizontal|vertical\u00a0\u00bb bottom_divider_style=\u00a0\u00bbclouds2&Prime; bottom_divider_color=\u00a0\u00bbrgba(255,255,255,0.08)\u00a0\u00bb bottom_divider_height=\u00a0\u00bb600px\u00a0\u00bb bottom_divider_flip=\u00a0\u00bbvertical\u00a0\u00bb global_colors_info=\u00a0\u00bb{}\u00a0\u00bb][et_pb_row column_structure=\u00a0\u00bb1_3,1_3,1_3&Prime; _builder_version=\u00a0\u00bb4.16&Prime; global_colors_info=\u00a0\u00bb{}\u00a0\u00bb][et_pb_column type=\u00a0\u00bb1_3&Prime; _builder_version=\u00a0\u00bb4.16&Prime; custom_padding=\u00a0\u00bb|||\u00a0\u00bb global_colors_info=\u00a0\u00bb{}\u00a0\u00bb custom_padding__hover=\u00a0\u00bb|||\u00a0\u00bb][et_pb_blurb title=\u00a0\u00bb0498\/34.18.26&Prime; use_icon=\u00a0\u00bbon\u00a0\u00bb font_icon=\u00a0\u00bb&#xe090;||divi||400&Prime; icon_color=\u00a0\u00bb#2f8cff\u00a0\u00bb image_icon_background_color=\u00a0\u00bb#ffffff\u00a0\u00bb icon_placement=\u00a0\u00bbleft\u00a0\u00bb image_icon_width=\u00a0\u00bb16px\u00a0\u00bb _builder_version=\u00a0\u00bb4.24.0&Prime; header_font=\u00a0\u00bbMontserrat||||||||\u00a0\u00bb header_text_color=\u00a0\u00bb#ffffff\u00a0\u00bb header_font_size=\u00a0\u00bb20px\u00a0\u00bb header_line_height=\u00a0\u00bb1.7em\u00a0\u00bb image_icon_custom_padding=\u00a0\u00bb8px|8px|8px|8px|false|false\u00a0\u00bb border_radii_image=\u00a0\u00bbon|100%|100%|100%|100%\u00a0\u00bb icon_font_size=\u00a0\u00bb16px\u00a0\u00bb use_circle=\u00a0\u00bbon\u00a0\u00bb circle_color=\u00a0\u00bb#ffffff\u00a0\u00bb global_colors_info=\u00a0\u00bb{}\u00a0\u00bb image_icon_background_color__sticky_enabled=\u00a0\u00bb#7EBEC5&Prime; image_icon_background_color__sticky=\u00a0\u00bb#7EBEC5&Prime;][\/et_pb_blurb][\/et_pb_column][et_pb_column type=\u00a0\u00bb1_3&Prime; _builder_version=\u00a0\u00bb4.16&Prime; custom_padding=\u00a0\u00bb|||\u00a0\u00bb global_colors_info=\u00a0\u00bb{}\u00a0\u00bb custom_padding__hover=\u00a0\u00bb|||\u00a0\u00bb][et_pb_blurb title=\u00a0\u00bbdelhayece@gmail.com\u00a0\u00bb use_icon=\u00a0\u00bbon\u00a0\u00bb font_icon=\u00a0\u00bb&#xe076;||divi||400&Prime; icon_color=\u00a0\u00bb#2f8cff\u00a0\u00bb image_icon_background_color=\u00a0\u00bb#ffffff\u00a0\u00bb icon_placement=\u00a0\u00bbleft\u00a0\u00bb image_icon_width=\u00a0\u00bb16px\u00a0\u00bb _builder_version=\u00a0\u00bb4.24.0&Prime; header_font=\u00a0\u00bbMontserrat||||||||\u00a0\u00bb header_text_color=\u00a0\u00bb#ffffff\u00a0\u00bb header_font_size=\u00a0\u00bb20px\u00a0\u00bb header_line_height=\u00a0\u00bb1.7em\u00a0\u00bb image_icon_custom_padding=\u00a0\u00bb8px|8px|8px|8px|false|false\u00a0\u00bb border_radii_image=\u00a0\u00bbon|100%|100%|100%|100%\u00a0\u00bb icon_font_size=\u00a0\u00bb16px\u00a0\u00bb use_circle=\u00a0\u00bbon\u00a0\u00bb circle_color=\u00a0\u00bb#ffffff\u00a0\u00bb locked=\u00a0\u00bboff\u00a0\u00bb global_colors_info=\u00a0\u00bb{}\u00a0\u00bb image_icon_background_color__sticky_enabled=\u00a0\u00bb#7EBEC5&Prime; image_icon_background_color__sticky=\u00a0\u00bb#7EBEC5&Prime;][\/et_pb_blurb][\/et_pb_column][et_pb_column type=\u00a0\u00bb1_3&Prime; _builder_version=\u00a0\u00bb4.16&Prime; custom_padding=\u00a0\u00bb|||\u00a0\u00bb global_colors_info=\u00a0\u00bb{}\u00a0\u00bb custom_padding__hover=\u00a0\u00bb|||\u00a0\u00bb][et_pb_blurb title=\u00a0\u00bb9 rue de la cornette 7133 Buvrinnes\u00a0\u00bb use_icon=\u00a0\u00bbon\u00a0\u00bb font_icon=\u00a0\u00bb&#xe081;||divi||400&Prime; icon_color=\u00a0\u00bb#2f8cff\u00a0\u00bb image_icon_background_color=\u00a0\u00bb#ffffff\u00a0\u00bb icon_placement=\u00a0\u00bbleft\u00a0\u00bb image_icon_width=\u00a0\u00bb16px\u00a0\u00bb _builder_version=\u00a0\u00bb4.24.0&Prime; header_font=\u00a0\u00bbMontserrat||||||||\u00a0\u00bb header_text_color=\u00a0\u00bb#ffffff\u00a0\u00bb header_font_size=\u00a0\u00bb20px\u00a0\u00bb header_line_height=\u00a0\u00bb1.7em\u00a0\u00bb image_icon_custom_padding=\u00a0\u00bb8px|8px|8px|8px|false|false\u00a0\u00bb custom_padding=\u00a0\u00bb|32px||||\u00a0\u00bb border_radii_image=\u00a0\u00bbon|100%|100%|100%|100%\u00a0\u00bb icon_font_size=\u00a0\u00bb16px\u00a0\u00bb use_circle=\u00a0\u00bbon\u00a0\u00bb circle_color=\u00a0\u00bb#ffffff\u00a0\u00bb locked=\u00a0\u00bboff\u00a0\u00bb global_colors_info=\u00a0\u00bb{}\u00a0\u00bb image_icon_background_color__sticky_enabled=\u00a0\u00bb#7EBEC5&Prime; image_icon_background_color__sticky=\u00a0\u00bb#7EBEC5&Prime;][\/et_pb_blurb][\/et_pb_column][\/et_pb_row][\/et_pb_section]<\/p>\n","protected":false},"excerpt":{"rendered":"<p>Prendre soin de soi en tant que professionnels de la sant\u00e9 confront\u00e9s aux victimes de violences sexuelles.\u00a0Introduction Prendre conscience de l\u2019impact de notre m\u00e9tier sur nos vies et en d\u00e9tecter les signaux est une premi\u00e8re \u00e9tape pour prendre soin de soi en tant que professionnels.\u00a0 Cette facult\u00e9 permet de mieux vous conna\u00eetre, de mieux s\u2019interroger [&hellip;]<\/p>\n","protected":false},"author":1,"featured_media":0,"parent":0,"menu_order":0,"comment_status":"closed","ping_status":"closed","template":"","meta":{"_et_pb_use_builder":"on","_et_pb_old_content":"","_et_gb_content_width":"","footnotes":""},"class_list":["post-343","page","type-page","status-publish","hentry"],"yoast_head":"<!-- This site is optimized with the Yoast SEO plugin v21.9.1 - https:\/\/yoast.com\/wordpress\/plugins\/seo\/ -->\n<title>Formation - Prendre soin de soi - C\u00e9line Delhaye | Psychologue<\/title>\n<meta name=\"robots\" content=\"index, follow, max-snippet:-1, max-image-preview:large, max-video-preview:-1\" \/>\n<link rel=\"canonical\" href=\"http:\/\/psychologue-delhaye.be\/index.php\/formation-prendre-soin-de-soi\/\" \/>\n<meta property=\"og:locale\" content=\"fr_FR\" \/>\n<meta property=\"og:type\" content=\"article\" \/>\n<meta property=\"og:title\" content=\"Formation - Prendre soin de soi - C\u00e9line Delhaye | Psychologue\" \/>\n<meta property=\"og:description\" content=\"Prendre soin de soi en tant que professionnels de la sant\u00e9 confront\u00e9s aux victimes de violences sexuelles.\u00a0Introduction Prendre conscience de l\u2019impact de notre m\u00e9tier sur nos vies et en d\u00e9tecter les signaux est une premi\u00e8re \u00e9tape pour prendre soin de soi en tant que professionnels.\u00a0 Cette facult\u00e9 permet de mieux vous conna\u00eetre, de mieux s\u2019interroger [&hellip;]\" \/>\n<meta property=\"og:url\" content=\"http:\/\/psychologue-delhaye.be\/index.php\/formation-prendre-soin-de-soi\/\" \/>\n<meta property=\"og:site_name\" content=\"C\u00e9line Delhaye\" \/>\n<meta property=\"article:publisher\" content=\"https:\/\/www.facebook.com\/profile.php?id=100054234020234\" \/>\n<meta property=\"article:modified_time\" content=\"2025-01-03T17:04:26+00:00\" \/>\n<meta name=\"twitter:card\" content=\"summary_large_image\" \/>\n<script type=\"application\/ld+json\" class=\"yoast-schema-graph\">{\"@context\":\"https:\/\/schema.org\",\"@graph\":[{\"@type\":\"WebPage\",\"@id\":\"http:\/\/psychologue-delhaye.be\/index.php\/formation-prendre-soin-de-soi\/\",\"url\":\"http:\/\/psychologue-delhaye.be\/index.php\/formation-prendre-soin-de-soi\/\",\"name\":\"Formation - Prendre soin de soi - C\u00e9line Delhaye | Psychologue\",\"isPartOf\":{\"@id\":\"http:\/\/psychologue-delhaye.be\/#website\"},\"datePublished\":\"2025-01-03T14:26:27+00:00\",\"dateModified\":\"2025-01-03T17:04:26+00:00\",\"breadcrumb\":{\"@id\":\"http:\/\/psychologue-delhaye.be\/index.php\/formation-prendre-soin-de-soi\/#breadcrumb\"},\"inLanguage\":\"fr-FR\",\"potentialAction\":[{\"@type\":\"ReadAction\",\"target\":[\"http:\/\/psychologue-delhaye.be\/index.php\/formation-prendre-soin-de-soi\/\"]}]},{\"@type\":\"BreadcrumbList\",\"@id\":\"http:\/\/psychologue-delhaye.be\/index.php\/formation-prendre-soin-de-soi\/#breadcrumb\",\"itemListElement\":[{\"@type\":\"ListItem\",\"position\":1,\"name\":\"Accueil\",\"item\":\"http:\/\/psychologue-delhaye.be\/\"},{\"@type\":\"ListItem\",\"position\":2,\"name\":\"Formation &#8211; Prendre soin de soi\"}]},{\"@type\":\"WebSite\",\"@id\":\"http:\/\/psychologue-delhaye.be\/#website\",\"url\":\"http:\/\/psychologue-delhaye.be\/\",\"name\":\"C\u00e9line Delhaye - Psychologue\",\"description\":\"\",\"publisher\":{\"@id\":\"http:\/\/psychologue-delhaye.be\/#organization\"},\"potentialAction\":[{\"@type\":\"SearchAction\",\"target\":{\"@type\":\"EntryPoint\",\"urlTemplate\":\"http:\/\/psychologue-delhaye.be\/?s={search_term_string}\"},\"query-input\":\"required name=search_term_string\"}],\"inLanguage\":\"fr-FR\"},{\"@type\":\"Organization\",\"@id\":\"http:\/\/psychologue-delhaye.be\/#organization\",\"name\":\"C\u00e9line Delhaye - Psychologue\",\"url\":\"http:\/\/psychologue-delhaye.be\/\",\"logo\":{\"@type\":\"ImageObject\",\"inLanguage\":\"fr-FR\",\"@id\":\"http:\/\/psychologue-delhaye.be\/#\/schema\/logo\/image\/\",\"url\":\"http:\/\/psychologue-delhaye.be\/wp-content\/uploads\/2024\/02\/cropped-cd.png\",\"contentUrl\":\"http:\/\/psychologue-delhaye.be\/wp-content\/uploads\/2024\/02\/cropped-cd.png\",\"width\":512,\"height\":512,\"caption\":\"C\u00e9line Delhaye - Psychologue\"},\"image\":{\"@id\":\"http:\/\/psychologue-delhaye.be\/#\/schema\/logo\/image\/\"},\"sameAs\":[\"https:\/\/www.facebook.com\/profile.php?id=100054234020234\"]}]}<\/script>\n<!-- \/ Yoast SEO plugin. -->","yoast_head_json":{"title":"Formation - Prendre soin de soi - C\u00e9line Delhaye | Psychologue","robots":{"index":"index","follow":"follow","max-snippet":"max-snippet:-1","max-image-preview":"max-image-preview:large","max-video-preview":"max-video-preview:-1"},"canonical":"http:\/\/psychologue-delhaye.be\/index.php\/formation-prendre-soin-de-soi\/","og_locale":"fr_FR","og_type":"article","og_title":"Formation - Prendre soin de soi - C\u00e9line Delhaye | Psychologue","og_description":"Prendre soin de soi en tant que professionnels de la sant\u00e9 confront\u00e9s aux victimes de violences sexuelles.\u00a0Introduction Prendre conscience de l\u2019impact de notre m\u00e9tier sur nos vies et en d\u00e9tecter les signaux est une premi\u00e8re \u00e9tape pour prendre soin de soi en tant que professionnels.\u00a0 Cette facult\u00e9 permet de mieux vous conna\u00eetre, de mieux s\u2019interroger [&hellip;]","og_url":"http:\/\/psychologue-delhaye.be\/index.php\/formation-prendre-soin-de-soi\/","og_site_name":"C\u00e9line Delhaye","article_publisher":"https:\/\/www.facebook.com\/profile.php?id=100054234020234","article_modified_time":"2025-01-03T17:04:26+00:00","twitter_card":"summary_large_image","schema":{"@context":"https:\/\/schema.org","@graph":[{"@type":"WebPage","@id":"http:\/\/psychologue-delhaye.be\/index.php\/formation-prendre-soin-de-soi\/","url":"http:\/\/psychologue-delhaye.be\/index.php\/formation-prendre-soin-de-soi\/","name":"Formation - Prendre soin de soi - C\u00e9line Delhaye | Psychologue","isPartOf":{"@id":"http:\/\/psychologue-delhaye.be\/#website"},"datePublished":"2025-01-03T14:26:27+00:00","dateModified":"2025-01-03T17:04:26+00:00","breadcrumb":{"@id":"http:\/\/psychologue-delhaye.be\/index.php\/formation-prendre-soin-de-soi\/#breadcrumb"},"inLanguage":"fr-FR","potentialAction":[{"@type":"ReadAction","target":["http:\/\/psychologue-delhaye.be\/index.php\/formation-prendre-soin-de-soi\/"]}]},{"@type":"BreadcrumbList","@id":"http:\/\/psychologue-delhaye.be\/index.php\/formation-prendre-soin-de-soi\/#breadcrumb","itemListElement":[{"@type":"ListItem","position":1,"name":"Accueil","item":"http:\/\/psychologue-delhaye.be\/"},{"@type":"ListItem","position":2,"name":"Formation &#8211; Prendre soin de soi"}]},{"@type":"WebSite","@id":"http:\/\/psychologue-delhaye.be\/#website","url":"http:\/\/psychologue-delhaye.be\/","name":"C\u00e9line Delhaye - Psychologue","description":"","publisher":{"@id":"http:\/\/psychologue-delhaye.be\/#organization"},"potentialAction":[{"@type":"SearchAction","target":{"@type":"EntryPoint","urlTemplate":"http:\/\/psychologue-delhaye.be\/?s={search_term_string}"},"query-input":"required name=search_term_string"}],"inLanguage":"fr-FR"},{"@type":"Organization","@id":"http:\/\/psychologue-delhaye.be\/#organization","name":"C\u00e9line Delhaye - Psychologue","url":"http:\/\/psychologue-delhaye.be\/","logo":{"@type":"ImageObject","inLanguage":"fr-FR","@id":"http:\/\/psychologue-delhaye.be\/#\/schema\/logo\/image\/","url":"http:\/\/psychologue-delhaye.be\/wp-content\/uploads\/2024\/02\/cropped-cd.png","contentUrl":"http:\/\/psychologue-delhaye.be\/wp-content\/uploads\/2024\/02\/cropped-cd.png","width":512,"height":512,"caption":"C\u00e9line Delhaye - Psychologue"},"image":{"@id":"http:\/\/psychologue-delhaye.be\/#\/schema\/logo\/image\/"},"sameAs":["https:\/\/www.facebook.com\/profile.php?id=100054234020234"]}]}},"_links":{"self":[{"href":"http:\/\/psychologue-delhaye.be\/index.php\/wp-json\/wp\/v2\/pages\/343","targetHints":{"allow":["GET"]}}],"collection":[{"href":"http:\/\/psychologue-delhaye.be\/index.php\/wp-json\/wp\/v2\/pages"}],"about":[{"href":"http:\/\/psychologue-delhaye.be\/index.php\/wp-json\/wp\/v2\/types\/page"}],"author":[{"embeddable":true,"href":"http:\/\/psychologue-delhaye.be\/index.php\/wp-json\/wp\/v2\/users\/1"}],"replies":[{"embeddable":true,"href":"http:\/\/psychologue-delhaye.be\/index.php\/wp-json\/wp\/v2\/comments?post=343"}],"version-history":[{"count":11,"href":"http:\/\/psychologue-delhaye.be\/index.php\/wp-json\/wp\/v2\/pages\/343\/revisions"}],"predecessor-version":[{"id":389,"href":"http:\/\/psychologue-delhaye.be\/index.php\/wp-json\/wp\/v2\/pages\/343\/revisions\/389"}],"wp:attachment":[{"href":"http:\/\/psychologue-delhaye.be\/index.php\/wp-json\/wp\/v2\/media?parent=343"}],"curies":[{"name":"wp","href":"https:\/\/api.w.org\/{rel}","templated":true}]}}